{"id":711,"date":"2021-01-23T22:33:17","date_gmt":"2021-01-24T01:33:17","guid":{"rendered":"https:\/\/lucianemonteiro.com\/?page_id=711"},"modified":"2021-01-24T13:42:36","modified_gmt":"2021-01-24T16:42:36","slug":"o-tempo-que-espere","status":"publish","type":"page","link":"https:\/\/lucianemonteiro.com\/index.php\/o-tempo-que-espere\/","title":{"rendered":"O tempo que espere"},"content":{"rendered":"\n<figure class=\"wp-block-image size-large\"><img loading=\"lazy\" decoding=\"async\" width=\"1024\" height=\"682\" src=\"https:\/\/lucianemonteiro.com\/wp-content\/uploads\/2021\/01\/garden-4206256_1280-1024x682.jpg\" alt=\"\" class=\"wp-image-715\" srcset=\"https:\/\/lucianemonteiro.com\/wp-content\/uploads\/2021\/01\/garden-4206256_1280-1024x682.jpg 1024w, https:\/\/lucianemonteiro.com\/wp-content\/uploads\/2021\/01\/garden-4206256_1280-300x200.jpg 300w, https:\/\/lucianemonteiro.com\/wp-content\/uploads\/2021\/01\/garden-4206256_1280-768x512.jpg 768w, https:\/\/lucianemonteiro.com\/wp-content\/uploads\/2021\/01\/garden-4206256_1280-1140x760.jpg 1140w, https:\/\/lucianemonteiro.com\/wp-content\/uploads\/2021\/01\/garden-4206256_1280-600x400.jpg 600w, https:\/\/lucianemonteiro.com\/wp-content\/uploads\/2021\/01\/garden-4206256_1280.jpg 1280w\" sizes=\"auto, (max-width: 1024px) 100vw, 1024px\" \/><\/figure>\n\n\n\n<p>N\u00e3o, ela n\u00e3o estava apegada, queria apenas uma pegada diferente. Cansou-se de indiferen\u00e7as e partiu sem norte com seu chap\u00e9u. Prote\u00e7\u00e3o, dizia. Proteger a mente do sol escaldante da raiva que de vez em quando fervilhava.&nbsp;Caminhou despreocupada pelos anos em curso que lhe discursavam mentiras a respeito do tempo. O tempo que espere, dizia, agitada. Ai, que n\u00e3o me perco de mim antes de sair da sombra!, gritava e, ventando-se dispersa, dava voltas em redemoinhos, pisando de n\u00e3o em n\u00e3o at\u00e9 encontrar seu sim.&nbsp;<\/p>\n\n\n\n<p>Foi num domingo qualquer, pr\u00f3ximo \u00e0s g\u00f4ndolas de Veneza, ou seriam as ru\u00ednas do castelo de Menlo? N\u00e3o, provavelmente no Jardim Champ de Mars. O lugar n\u00e3o importava, rabiscava-os em pano de fundo quando fechava os olhos. Foi uma troca de olhares, mas o encontro foi de almas, de aromas, de tempos que se desprenderam da espera. <\/p>\n\n\n\n<p>Despiu-se do chap\u00e9u e de pudores, e o rel\u00f3gio correu em reverso, restaurando-lhe a juventude arranhada. Celebrou no c\u00e9u da Capad\u00f3cia antes do suspiro extasiado sobre os len\u00e7\u00f3is brancos.<\/p>\n\n\n\n<figure class=\"wp-block-image size-large\"><img loading=\"lazy\" decoding=\"async\" width=\"1024\" height=\"682\" src=\"https:\/\/lucianemonteiro.com\/wp-content\/uploads\/2021\/01\/love-2778469_1280-1024x682.jpg\" alt=\"\" class=\"wp-image-716\" srcset=\"https:\/\/lucianemonteiro.com\/wp-content\/uploads\/2021\/01\/love-2778469_1280-1024x682.jpg 1024w, https:\/\/lucianemonteiro.com\/wp-content\/uploads\/2021\/01\/love-2778469_1280-300x200.jpg 300w, https:\/\/lucianemonteiro.com\/wp-content\/uploads\/2021\/01\/love-2778469_1280-768x512.jpg 768w, https:\/\/lucianemonteiro.com\/wp-content\/uploads\/2021\/01\/love-2778469_1280-1140x760.jpg 1140w, https:\/\/lucianemonteiro.com\/wp-content\/uploads\/2021\/01\/love-2778469_1280-600x400.jpg 600w, https:\/\/lucianemonteiro.com\/wp-content\/uploads\/2021\/01\/love-2778469_1280.jpg 1280w\" sizes=\"auto, (max-width: 1024px) 100vw, 1024px\" \/><\/figure>\n\n\n\n<p>Texto de Luciane Monteiro<\/p>\n\n\n\n<hr class=\"wp-block-separator\"\/>\n\n\n\n<p>Imagem por Pixabay<\/p>\n\n\n\n<p>#literaturanacional #conto #mulheresqueescrevem #autoranacional #leitura #contos #literatura<\/p>\n\n\n\n<p><\/p>\n","protected":false},"excerpt":{"rendered":"<p>N\u00e3o, ela n\u00e3o estava apegada, queria apenas uma pegada diferente. Cansou-se de indiferen\u00e7as e partiu sem norte com seu chap\u00e9u. Prote\u00e7\u00e3o, dizia. Proteger a mente do sol escaldante da raiva que de vez em quando fervilhava.&nbsp;Caminhou despreocupada pelos anos em curso que lhe discursavam mentiras a respeito do tempo. O tempo que espere, dizia, agitada. Ai, que n\u00e3o me perco de mim antes de sair da sombra!, gritava e, ventando-se dispersa, dava voltas em redemoinhos, pisando de n\u00e3o em n\u00e3o at\u00e9 encontrar seu sim.&nbsp; Foi num domingo qualquer, pr\u00f3ximo \u00e0s g\u00f4ndolas de Veneza, ou seriam as ru\u00ednas do castelo de Menlo? N\u00e3o, provavelmente no Jardim Champ de Mars. O lugar n\u00e3o importava, rabiscava-os em pano de fundo quando fechava os olhos. Foi uma troca de olhares, mas o encontro foi de almas, de aromas, de tempos que se desprenderam da espera. Despiu-se do chap\u00e9u e de pudores, e o rel\u00f3gio correu em reverso, restaurando-lhe a juventude arranhada. Celebrou no c\u00e9u da Capad\u00f3cia antes do suspiro extasiado sobre os len\u00e7\u00f3is brancos. Texto de Luciane Monteiro Imagem por Pixabay #literaturanacional #conto #mulheresqueescrevem #autoranacional #leitura #contos #literatura<\/p>\n","protected":false},"author":1,"featured_media":0,"parent":0,"menu_order":0,"comment_status":"closed","ping_status":"closed","template":"","meta":{"footnotes":""},"class_list":["post-711","page","type-page","status-publish","hentry"],"yoast_head":"<!-- This site is optimized with the Yoast SEO plugin v26.6 - https:\/\/yoast.com\/wordpress\/plugins\/seo\/ -->\n<title>O tempo que espere - Luciane Monteiro<\/title>\n<meta name=\"robots\" content=\"index, follow, max-snippet:-1, max-image-preview:large, max-video-preview:-1\" \/>\n<link rel=\"canonical\" href=\"https:\/\/lucianemonteiro.com\/index.php\/o-tempo-que-espere\/\" \/>\n<meta property=\"og:locale\" content=\"pt_BR\" \/>\n<meta property=\"og:type\" content=\"article\" \/>\n<meta property=\"og:title\" content=\"O tempo que espere - Luciane Monteiro\" \/>\n<meta property=\"og:description\" content=\"N\u00e3o, ela n\u00e3o estava apegada, queria apenas uma pegada diferente. Cansou-se de indiferen\u00e7as e partiu sem norte com seu chap\u00e9u. Prote\u00e7\u00e3o, dizia. Proteger a mente do sol escaldante da raiva que de vez em quando fervilhava.&nbsp;Caminhou despreocupada pelos anos em curso que lhe discursavam mentiras a respeito do tempo. O tempo que espere, dizia, agitada. Ai, que n\u00e3o me perco de mim antes de sair da sombra!, gritava e, ventando-se dispersa, dava voltas em redemoinhos, pisando de n\u00e3o em n\u00e3o at\u00e9 encontrar seu sim.&nbsp; Foi num domingo qualquer, pr\u00f3ximo \u00e0s g\u00f4ndolas de Veneza, ou seriam as ru\u00ednas do castelo de Menlo? N\u00e3o, provavelmente no Jardim Champ de Mars. O lugar n\u00e3o importava, rabiscava-os em pano de fundo quando fechava os olhos. Foi uma troca de olhares, mas o encontro foi de almas, de aromas, de tempos que se desprenderam da espera. Despiu-se do chap\u00e9u e de pudores, e o rel\u00f3gio correu em reverso, restaurando-lhe a juventude arranhada. Celebrou no c\u00e9u da Capad\u00f3cia antes do suspiro extasiado sobre os len\u00e7\u00f3is brancos. Texto de Luciane Monteiro Imagem por Pixabay #literaturanacional #conto #mulheresqueescrevem #autoranacional #leitura #contos #literatura\" \/>\n<meta property=\"og:url\" content=\"https:\/\/lucianemonteiro.com\/index.php\/o-tempo-que-espere\/\" \/>\n<meta property=\"og:site_name\" content=\"Luciane Monteiro\" \/>\n<meta property=\"article:modified_time\" content=\"2021-01-24T16:42:36+00:00\" \/>\n<meta property=\"og:image\" content=\"https:\/\/lucianemonteiro.com\/wp-content\/uploads\/2021\/01\/garden-4206256_1280.jpg\" \/>\n\t<meta property=\"og:image:width\" content=\"1280\" \/>\n\t<meta property=\"og:image:height\" content=\"853\" \/>\n\t<meta property=\"og:image:type\" content=\"image\/jpeg\" \/>\n<meta name=\"twitter:card\" content=\"summary_large_image\" \/>\n<meta name=\"twitter:label1\" content=\"Est. tempo de leitura\" \/>\n\t<meta name=\"twitter:data1\" content=\"1 minuto\" \/>\n<script type=\"application\/ld+json\" class=\"yoast-schema-graph\">{\"@context\":\"https:\/\/schema.org\",\"@graph\":[{\"@type\":\"WebPage\",\"@id\":\"https:\/\/lucianemonteiro.com\/index.php\/o-tempo-que-espere\/\",\"url\":\"https:\/\/lucianemonteiro.com\/index.php\/o-tempo-que-espere\/\",\"name\":\"O tempo que espere - Luciane Monteiro\",\"isPartOf\":{\"@id\":\"https:\/\/lucianemonteiro.com\/#website\"},\"primaryImageOfPage\":{\"@id\":\"https:\/\/lucianemonteiro.com\/index.php\/o-tempo-que-espere\/#primaryimage\"},\"image\":{\"@id\":\"https:\/\/lucianemonteiro.com\/index.php\/o-tempo-que-espere\/#primaryimage\"},\"thumbnailUrl\":\"https:\/\/lucianemonteiro.com\/wp-content\/uploads\/2021\/01\/garden-4206256_1280-1024x682.jpg\",\"datePublished\":\"2021-01-24T01:33:17+00:00\",\"dateModified\":\"2021-01-24T16:42:36+00:00\",\"breadcrumb\":{\"@id\":\"https:\/\/lucianemonteiro.com\/index.php\/o-tempo-que-espere\/#breadcrumb\"},\"inLanguage\":\"pt-BR\",\"potentialAction\":[{\"@type\":\"ReadAction\",\"target\":[\"https:\/\/lucianemonteiro.com\/index.php\/o-tempo-que-espere\/\"]}]},{\"@type\":\"ImageObject\",\"inLanguage\":\"pt-BR\",\"@id\":\"https:\/\/lucianemonteiro.com\/index.php\/o-tempo-que-espere\/#primaryimage\",\"url\":\"https:\/\/lucianemonteiro.com\/wp-content\/uploads\/2021\/01\/garden-4206256_1280.jpg\",\"contentUrl\":\"https:\/\/lucianemonteiro.com\/wp-content\/uploads\/2021\/01\/garden-4206256_1280.jpg\",\"width\":1280,\"height\":853},{\"@type\":\"BreadcrumbList\",\"@id\":\"https:\/\/lucianemonteiro.com\/index.php\/o-tempo-que-espere\/#breadcrumb\",\"itemListElement\":[{\"@type\":\"ListItem\",\"position\":1,\"name\":\"In\u00edcio\",\"item\":\"https:\/\/lucianemonteiro.com\/\"},{\"@type\":\"ListItem\",\"position\":2,\"name\":\"O tempo que espere\"}]},{\"@type\":\"WebSite\",\"@id\":\"https:\/\/lucianemonteiro.com\/#website\",\"url\":\"https:\/\/lucianemonteiro.com\/\",\"name\":\"Luciane Monteiro\",\"description\":\"Escritos\",\"potentialAction\":[{\"@type\":\"SearchAction\",\"target\":{\"@type\":\"EntryPoint\",\"urlTemplate\":\"https:\/\/lucianemonteiro.com\/?s={search_term_string}\"},\"query-input\":{\"@type\":\"PropertyValueSpecification\",\"valueRequired\":true,\"valueName\":\"search_term_string\"}}],\"inLanguage\":\"pt-BR\"}]}<\/script>\n<!-- \/ Yoast SEO plugin. -->","yoast_head_json":{"title":"O tempo que espere - Luciane Monteiro","robots":{"index":"index","follow":"follow","max-snippet":"max-snippet:-1","max-image-preview":"max-image-preview:large","max-video-preview":"max-video-preview:-1"},"canonical":"https:\/\/lucianemonteiro.com\/index.php\/o-tempo-que-espere\/","og_locale":"pt_BR","og_type":"article","og_title":"O tempo que espere - Luciane Monteiro","og_description":"N\u00e3o, ela n\u00e3o estava apegada, queria apenas uma pegada diferente. Cansou-se de indiferen\u00e7as e partiu sem norte com seu chap\u00e9u. Prote\u00e7\u00e3o, dizia. Proteger a mente do sol escaldante da raiva que de vez em quando fervilhava.&nbsp;Caminhou despreocupada pelos anos em curso que lhe discursavam mentiras a respeito do tempo. O tempo que espere, dizia, agitada. Ai, que n\u00e3o me perco de mim antes de sair da sombra!, gritava e, ventando-se dispersa, dava voltas em redemoinhos, pisando de n\u00e3o em n\u00e3o at\u00e9 encontrar seu sim.&nbsp; Foi num domingo qualquer, pr\u00f3ximo \u00e0s g\u00f4ndolas de Veneza, ou seriam as ru\u00ednas do castelo de Menlo? N\u00e3o, provavelmente no Jardim Champ de Mars. O lugar n\u00e3o importava, rabiscava-os em pano de fundo quando fechava os olhos. Foi uma troca de olhares, mas o encontro foi de almas, de aromas, de tempos que se desprenderam da espera. Despiu-se do chap\u00e9u e de pudores, e o rel\u00f3gio correu em reverso, restaurando-lhe a juventude arranhada. Celebrou no c\u00e9u da Capad\u00f3cia antes do suspiro extasiado sobre os len\u00e7\u00f3is brancos. Texto de Luciane Monteiro Imagem por Pixabay #literaturanacional #conto #mulheresqueescrevem #autoranacional #leitura #contos #literatura","og_url":"https:\/\/lucianemonteiro.com\/index.php\/o-tempo-que-espere\/","og_site_name":"Luciane Monteiro","article_modified_time":"2021-01-24T16:42:36+00:00","og_image":[{"width":1280,"height":853,"url":"https:\/\/lucianemonteiro.com\/wp-content\/uploads\/2021\/01\/garden-4206256_1280.jpg","type":"image\/jpeg"}],"twitter_card":"summary_large_image","twitter_misc":{"Est. tempo de leitura":"1 minuto"},"schema":{"@context":"https:\/\/schema.org","@graph":[{"@type":"WebPage","@id":"https:\/\/lucianemonteiro.com\/index.php\/o-tempo-que-espere\/","url":"https:\/\/lucianemonteiro.com\/index.php\/o-tempo-que-espere\/","name":"O tempo que espere - Luciane Monteiro","isPartOf":{"@id":"https:\/\/lucianemonteiro.com\/#website"},"primaryImageOfPage":{"@id":"https:\/\/lucianemonteiro.com\/index.php\/o-tempo-que-espere\/#primaryimage"},"image":{"@id":"https:\/\/lucianemonteiro.com\/index.php\/o-tempo-que-espere\/#primaryimage"},"thumbnailUrl":"https:\/\/lucianemonteiro.com\/wp-content\/uploads\/2021\/01\/garden-4206256_1280-1024x682.jpg","datePublished":"2021-01-24T01:33:17+00:00","dateModified":"2021-01-24T16:42:36+00:00","breadcrumb":{"@id":"https:\/\/lucianemonteiro.com\/index.php\/o-tempo-que-espere\/#breadcrumb"},"inLanguage":"pt-BR","potentialAction":[{"@type":"ReadAction","target":["https:\/\/lucianemonteiro.com\/index.php\/o-tempo-que-espere\/"]}]},{"@type":"ImageObject","inLanguage":"pt-BR","@id":"https:\/\/lucianemonteiro.com\/index.php\/o-tempo-que-espere\/#primaryimage","url":"https:\/\/lucianemonteiro.com\/wp-content\/uploads\/2021\/01\/garden-4206256_1280.jpg","contentUrl":"https:\/\/lucianemonteiro.com\/wp-content\/uploads\/2021\/01\/garden-4206256_1280.jpg","width":1280,"height":853},{"@type":"BreadcrumbList","@id":"https:\/\/lucianemonteiro.com\/index.php\/o-tempo-que-espere\/#breadcrumb","itemListElement":[{"@type":"ListItem","position":1,"name":"In\u00edcio","item":"https:\/\/lucianemonteiro.com\/"},{"@type":"ListItem","position":2,"name":"O tempo que espere"}]},{"@type":"WebSite","@id":"https:\/\/lucianemonteiro.com\/#website","url":"https:\/\/lucianemonteiro.com\/","name":"Luciane Monteiro","description":"Escritos","potentialAction":[{"@type":"SearchAction","target":{"@type":"EntryPoint","urlTemplate":"https:\/\/lucianemonteiro.com\/?s={search_term_string}"},"query-input":{"@type":"PropertyValueSpecification","valueRequired":true,"valueName":"search_term_string"}}],"inLanguage":"pt-BR"}]}},"acf":[],"_links":{"self":[{"href":"https:\/\/lucianemonteiro.com\/index.php\/wp-json\/wp\/v2\/pages\/711","targetHints":{"allow":["GET"]}}],"collection":[{"href":"https:\/\/lucianemonteiro.com\/index.php\/wp-json\/wp\/v2\/pages"}],"about":[{"href":"https:\/\/lucianemonteiro.com\/index.php\/wp-json\/wp\/v2\/types\/page"}],"author":[{"embeddable":true,"href":"https:\/\/lucianemonteiro.com\/index.php\/wp-json\/wp\/v2\/users\/1"}],"replies":[{"embeddable":true,"href":"https:\/\/lucianemonteiro.com\/index.php\/wp-json\/wp\/v2\/comments?post=711"}],"version-history":[{"count":10,"href":"https:\/\/lucianemonteiro.com\/index.php\/wp-json\/wp\/v2\/pages\/711\/revisions"}],"predecessor-version":[{"id":729,"href":"https:\/\/lucianemonteiro.com\/index.php\/wp-json\/wp\/v2\/pages\/711\/revisions\/729"}],"wp:attachment":[{"href":"https:\/\/lucianemonteiro.com\/index.php\/wp-json\/wp\/v2\/media?parent=711"}],"curies":[{"name":"wp","href":"https:\/\/api.w.org\/{rel}","templated":true}]}}