{"id":1640,"date":"2022-04-13T01:50:33","date_gmt":"2022-04-13T04:50:33","guid":{"rendered":"https:\/\/lucianemonteiro.com\/?page_id=1640"},"modified":"2022-04-14T12:20:07","modified_gmt":"2022-04-14T15:20:07","slug":"o-veneno-negro","status":"publish","type":"page","link":"https:\/\/lucianemonteiro.com\/index.php\/o-veneno-negro\/","title":{"rendered":"O veneno negro"},"content":{"rendered":"\n<div class=\"wp-block-image is-style-default\"><figure class=\"aligncenter size-medium\"><img loading=\"lazy\" decoding=\"async\" width=\"300\" height=\"277\" src=\"https:\/\/lucianemonteiro.com\/wp-content\/uploads\/2022\/04\/1645823119-2-300x277.png\" alt=\"\" class=\"wp-image-1625\" srcset=\"https:\/\/lucianemonteiro.com\/wp-content\/uploads\/2022\/04\/1645823119-2-300x277.png 300w, https:\/\/lucianemonteiro.com\/wp-content\/uploads\/2022\/04\/1645823119-2-1024x944.png 1024w, https:\/\/lucianemonteiro.com\/wp-content\/uploads\/2022\/04\/1645823119-2-768x708.png 768w, https:\/\/lucianemonteiro.com\/wp-content\/uploads\/2022\/04\/1645823119-2-1140x1051.png 1140w, https:\/\/lucianemonteiro.com\/wp-content\/uploads\/2022\/04\/1645823119-2-600x553.png 600w, https:\/\/lucianemonteiro.com\/wp-content\/uploads\/2022\/04\/1645823119-2.png 1500w\" sizes=\"auto, (max-width: 300px) 100vw, 300px\" \/><\/figure><\/div>\n\n\n\n<p>O veneno negro \u00e9 meu primeiro livro de literatura infantojuvenil. Por\u00e9m, ele \u00e9 perfeito para jovens e adultos, pois aborda, de maneira l\u00fadica, quest\u00f5es sobre a autoestima que nos afetam em todas as idades. \u00c9, ainda, para o p\u00fablico masculino, pois alguns leitores j\u00e1 reconheceram que tiveram uma Madame Safira em suas vidas.<\/p>\n\n\n\n<p>A obra faz parte da Cole\u00e7\u00e3o III Mulherio das Letras, um projeto de livros de bolso publicado pela Editora Venas Abiertas. O projeto foi t\u00e3o marcante que a primeira edi\u00e7\u00e3o foi finalista, em 2020, do pr\u00eamio Jabuti, no eixo \u201cinova\u00e7\u00e3o\u201d. Para quem n\u00e3o conhece, o Mulherio das Letras \u00e9 um coletivo feminista liter\u00e1rio, criado em 2017, com mais de 7 mil mulheres no Brasil e exterior, com foco na express\u00e3o pela palavra escrita e oral.<\/p>\n\n\n\n<p><strong>Cole\u00e7\u00e3o III<\/strong> <strong>Mulherio das Letras<\/strong>: 33 livros de bolsos, 33 autoras, 33 formas de explorar o universo feminino.<\/p>\n\n\n\n<figure class=\"wp-block-gallery columns-3 is-cropped wp-block-gallery-1 is-layout-flex wp-block-gallery-is-layout-flex\"><ul class=\"blocks-gallery-grid\"><li class=\"blocks-gallery-item\"><figure><img loading=\"lazy\" decoding=\"async\" width=\"617\" height=\"927\" src=\"https:\/\/lucianemonteiro.com\/wp-content\/uploads\/2022\/04\/capa_lucianemonteiro_final_page-00011.jpg\" alt=\"\" data-id=\"1626\" data-full-url=\"https:\/\/lucianemonteiro.com\/wp-content\/uploads\/2022\/04\/capa_lucianemonteiro_final_page-00011.jpg\" data-link=\"https:\/\/lucianemonteiro.com\/index.php\/2022\/04\/13\/meu-primeiro-livro-infantojuvenil-o-veneno-negro\/capa_lucianemonteiro_final_page-00011\/\" class=\"wp-image-1626\" srcset=\"https:\/\/lucianemonteiro.com\/wp-content\/uploads\/2022\/04\/capa_lucianemonteiro_final_page-00011.jpg 617w, https:\/\/lucianemonteiro.com\/wp-content\/uploads\/2022\/04\/capa_lucianemonteiro_final_page-00011-200x300.jpg 200w, https:\/\/lucianemonteiro.com\/wp-content\/uploads\/2022\/04\/capa_lucianemonteiro_final_page-00011-600x901.jpg 600w\" sizes=\"auto, (max-width: 617px) 100vw, 617px\" \/><\/figure><\/li><li class=\"blocks-gallery-item\"><figure><img loading=\"lazy\" decoding=\"async\" width=\"1024\" height=\"944\" src=\"https:\/\/lucianemonteiro.com\/wp-content\/uploads\/2022\/04\/1645823119-2-1024x944.png\" alt=\"\" data-id=\"1625\" data-full-url=\"https:\/\/lucianemonteiro.com\/wp-content\/uploads\/2022\/04\/1645823119-2.png\" data-link=\"https:\/\/lucianemonteiro.com\/index.php\/2022\/04\/13\/meu-primeiro-livro-infantojuvenil-o-veneno-negro\/1645823119-2\/\" class=\"wp-image-1625\" srcset=\"https:\/\/lucianemonteiro.com\/wp-content\/uploads\/2022\/04\/1645823119-2-1024x944.png 1024w, https:\/\/lucianemonteiro.com\/wp-content\/uploads\/2022\/04\/1645823119-2-300x277.png 300w, https:\/\/lucianemonteiro.com\/wp-content\/uploads\/2022\/04\/1645823119-2-768x708.png 768w, https:\/\/lucianemonteiro.com\/wp-content\/uploads\/2022\/04\/1645823119-2-1140x1051.png 1140w, https:\/\/lucianemonteiro.com\/wp-content\/uploads\/2022\/04\/1645823119-2-600x553.png 600w, https:\/\/lucianemonteiro.com\/wp-content\/uploads\/2022\/04\/1645823119-2.png 1500w\" sizes=\"auto, (max-width: 1024px) 100vw, 1024px\" \/><\/figure><\/li><li class=\"blocks-gallery-item\"><figure><img loading=\"lazy\" decoding=\"async\" width=\"731\" height=\"1024\" src=\"https:\/\/lucianemonteiro.com\/wp-content\/uploads\/2022\/04\/WhatsApp-Image-2021-10-20-at-14.25.47-2-731x1024.jpeg\" alt=\"\" data-id=\"1627\" data-full-url=\"https:\/\/lucianemonteiro.com\/wp-content\/uploads\/2022\/04\/WhatsApp-Image-2021-10-20-at-14.25.47-2.jpeg\" data-link=\"https:\/\/lucianemonteiro.com\/index.php\/2022\/04\/13\/meu-primeiro-livro-infantojuvenil-o-veneno-negro\/whatsapp-image-2021-10-20-at-14-25-47-2\/\" class=\"wp-image-1627\" srcset=\"https:\/\/lucianemonteiro.com\/wp-content\/uploads\/2022\/04\/WhatsApp-Image-2021-10-20-at-14.25.47-2-731x1024.jpeg 731w, https:\/\/lucianemonteiro.com\/wp-content\/uploads\/2022\/04\/WhatsApp-Image-2021-10-20-at-14.25.47-2-214x300.jpeg 214w, https:\/\/lucianemonteiro.com\/wp-content\/uploads\/2022\/04\/WhatsApp-Image-2021-10-20-at-14.25.47-2-768x1076.jpeg 768w, https:\/\/lucianemonteiro.com\/wp-content\/uploads\/2022\/04\/WhatsApp-Image-2021-10-20-at-14.25.47-2-1096x1536.jpeg 1096w, https:\/\/lucianemonteiro.com\/wp-content\/uploads\/2022\/04\/WhatsApp-Image-2021-10-20-at-14.25.47-2-1140x1597.jpeg 1140w, https:\/\/lucianemonteiro.com\/wp-content\/uploads\/2022\/04\/WhatsApp-Image-2021-10-20-at-14.25.47-2-600x841.jpeg 600w, https:\/\/lucianemonteiro.com\/wp-content\/uploads\/2022\/04\/WhatsApp-Image-2021-10-20-at-14.25.47-2.jpeg 1142w\" sizes=\"auto, (max-width: 731px) 100vw, 731px\" \/><\/figure><\/li><\/ul><\/figure>\n\n\n\n<p class=\"has-text-align-center\"><strong>Sinopse&nbsp;<\/strong><\/p>\n\n\n\n<p>O veneno negro, obra destinada ao p\u00fablico infantojuvenil, discorre sobre as frustra\u00e7\u00f5es e ang\u00fastias da adolesc\u00eancia. A jovem Luiza, intoxicada por um veneno que potencializa sua baixa autoestima e comportamento arisco, pode sucumbir, ou ouvir a sua voz interior. A voz, enfim, da mulher que toma forma e reivindica seu espa\u00e7o. Nesta narrativa, o destaque \u00e9 para o momento em que percebemos que as bruxas e fadas n\u00e3o s\u00e3o seres imagin\u00e1rios, mas seres que criamos dentro de n\u00f3s quando fechamos, ou n\u00e3o, os olhos para nossa ess\u00eancia para acreditar no que os outros dizem que somos.<\/p>\n\n\n\n<p class=\"has-text-align-center\"><strong>Solicite o link para compra:<\/strong><\/p>\n\n\n\n<p class=\"has-text-align-center\">lumonteiro1@hotmail.com<\/p>\n\n\n\n<p class=\"has-text-align-center\"><strong>Resenhas:<\/strong><\/p>\n\n\n\n<p class=\"has-text-align-center\"><strong><a href=\"https:\/\/www.instagram.com\/p\/CbQSafwOFxq\/?utm_source=ig_web_copy_link\">Entre livros e magias<\/a> &#8211;<a href=\"https:\/\/www.instagram.com\/p\/CcI312cLeiq\/?utm_source=ig_web_copy_link\"> llresenhas <\/a>&#8211; <a href=\"https:\/\/www.instagram.com\/p\/CbGHxSSOuL3\/?utm_source=ig_web_copy_link\">Jheneffys<\/a> <\/strong><\/p>\n\n\n\n<figure class=\"wp-block-image size-large is-style-default\"><img decoding=\"async\" src=\"https:\/\/lucianemonteiro.com\/wp-content\/uploads\/2022\/04\/capa_lucianemonteiro_final_page-0001-1024x773.jpg\" alt=\"\" class=\"wp-image-1642\"\/><\/figure>\n\n\n\n<p class=\"has-text-align-center\">#literaturainfantojuvenil #mulheres #universofeminino #mulheriodasletras #autoestima<\/p>\n","protected":false},"excerpt":{"rendered":"<p>O veneno negro \u00e9 meu primeiro livro de literatura infantojuvenil. Por\u00e9m, ele \u00e9 perfeito para jovens e adultos, pois aborda, de maneira l\u00fadica, quest\u00f5es sobre a autoestima que nos afetam em todas as idades. \u00c9, ainda, para o p\u00fablico masculino, pois alguns leitores j\u00e1 reconheceram que tiveram uma Madame Safira em suas vidas. A obra faz parte da Cole\u00e7\u00e3o III Mulherio das Letras, um projeto de livros de bolso publicado pela Editora Venas Abiertas. O projeto foi t\u00e3o marcante que a primeira edi\u00e7\u00e3o foi finalista, em 2020, do pr\u00eamio Jabuti, no eixo \u201cinova\u00e7\u00e3o\u201d. Para quem n\u00e3o conhece, o Mulherio das Letras \u00e9 um coletivo feminista liter\u00e1rio, criado em 2017, com mais de 7 mil mulheres no Brasil e exterior, com foco na express\u00e3o pela palavra escrita e oral. Cole\u00e7\u00e3o III Mulherio das Letras: 33 livros de bolsos, 33 autoras, 33 formas de explorar o universo feminino. Sinopse&nbsp; O veneno negro, obra destinada ao p\u00fablico infantojuvenil, discorre sobre as frustra\u00e7\u00f5es e ang\u00fastias da adolesc\u00eancia. A jovem Luiza, intoxicada por um veneno que potencializa sua baixa autoestima e comportamento arisco, pode sucumbir, ou ouvir a sua voz interior. A voz, enfim, da mulher que toma forma e reivindica seu espa\u00e7o. Nesta narrativa, o destaque \u00e9 para o momento em que percebemos que as bruxas e fadas n\u00e3o s\u00e3o seres imagin\u00e1rios, mas seres que criamos dentro de n\u00f3s quando fechamos, ou n\u00e3o, os olhos para nossa ess\u00eancia para acreditar no que os outros dizem que somos. Solicite o link para compra: lumonteiro1@hotmail.com Resenhas: Entre livros e magias &#8211; llresenhas &#8211; Jheneffys #literaturainfantojuvenil #mulheres #universofeminino #mulheriodasletras #autoestima<\/p>\n","protected":false},"author":1,"featured_media":0,"parent":0,"menu_order":0,"comment_status":"closed","ping_status":"closed","template":"","meta":{"footnotes":""},"class_list":["post-1640","page","type-page","status-publish","hentry"],"yoast_head":"<!-- This site is optimized with the Yoast SEO plugin v26.6 - https:\/\/yoast.com\/wordpress\/plugins\/seo\/ -->\n<title>O veneno negro - Luciane Monteiro<\/title>\n<meta name=\"robots\" content=\"index, follow, max-snippet:-1, max-image-preview:large, max-video-preview:-1\" \/>\n<link rel=\"canonical\" href=\"https:\/\/lucianemonteiro.com\/index.php\/o-veneno-negro\/\" \/>\n<meta property=\"og:locale\" content=\"pt_BR\" \/>\n<meta property=\"og:type\" content=\"article\" \/>\n<meta property=\"og:title\" content=\"O veneno negro - Luciane Monteiro\" \/>\n<meta property=\"og:description\" content=\"O veneno negro \u00e9 meu primeiro livro de literatura infantojuvenil. Por\u00e9m, ele \u00e9 perfeito para jovens e adultos, pois aborda, de maneira l\u00fadica, quest\u00f5es sobre a autoestima que nos afetam em todas as idades. \u00c9, ainda, para o p\u00fablico masculino, pois alguns leitores j\u00e1 reconheceram que tiveram uma Madame Safira em suas vidas. A obra faz parte da Cole\u00e7\u00e3o III Mulherio das Letras, um projeto de livros de bolso publicado pela Editora Venas Abiertas. O projeto foi t\u00e3o marcante que a primeira edi\u00e7\u00e3o foi finalista, em 2020, do pr\u00eamio Jabuti, no eixo \u201cinova\u00e7\u00e3o\u201d. Para quem n\u00e3o conhece, o Mulherio das Letras \u00e9 um coletivo feminista liter\u00e1rio, criado em 2017, com mais de 7 mil mulheres no Brasil e exterior, com foco na express\u00e3o pela palavra escrita e oral. Cole\u00e7\u00e3o III Mulherio das Letras: 33 livros de bolsos, 33 autoras, 33 formas de explorar o universo feminino. Sinopse&nbsp; O veneno negro, obra destinada ao p\u00fablico infantojuvenil, discorre sobre as frustra\u00e7\u00f5es e ang\u00fastias da adolesc\u00eancia. A jovem Luiza, intoxicada por um veneno que potencializa sua baixa autoestima e comportamento arisco, pode sucumbir, ou ouvir a sua voz interior. A voz, enfim, da mulher que toma forma e reivindica seu espa\u00e7o. Nesta narrativa, o destaque \u00e9 para o momento em que percebemos que as bruxas e fadas n\u00e3o s\u00e3o seres imagin\u00e1rios, mas seres que criamos dentro de n\u00f3s quando fechamos, ou n\u00e3o, os olhos para nossa ess\u00eancia para acreditar no que os outros dizem que somos. Solicite o link para compra: lumonteiro1@hotmail.com Resenhas: Entre livros e magias &#8211; llresenhas &#8211; Jheneffys #literaturainfantojuvenil #mulheres #universofeminino #mulheriodasletras #autoestima\" \/>\n<meta property=\"og:url\" content=\"https:\/\/lucianemonteiro.com\/index.php\/o-veneno-negro\/\" \/>\n<meta property=\"og:site_name\" content=\"Luciane Monteiro\" \/>\n<meta property=\"article:modified_time\" content=\"2022-04-14T15:20:07+00:00\" \/>\n<meta property=\"og:image\" content=\"https:\/\/lucianemonteiro.com\/wp-content\/uploads\/2022\/04\/1645823119-2-300x277.png\" \/>\n<meta name=\"twitter:card\" content=\"summary_large_image\" \/>\n<meta name=\"twitter:label1\" content=\"Est. tempo de leitura\" \/>\n\t<meta name=\"twitter:data1\" content=\"3 minutos\" \/>\n<script type=\"application\/ld+json\" class=\"yoast-schema-graph\">{\"@context\":\"https:\/\/schema.org\",\"@graph\":[{\"@type\":\"WebPage\",\"@id\":\"https:\/\/lucianemonteiro.com\/index.php\/o-veneno-negro\/\",\"url\":\"https:\/\/lucianemonteiro.com\/index.php\/o-veneno-negro\/\",\"name\":\"O veneno negro - Luciane Monteiro\",\"isPartOf\":{\"@id\":\"https:\/\/lucianemonteiro.com\/#website\"},\"primaryImageOfPage\":{\"@id\":\"https:\/\/lucianemonteiro.com\/index.php\/o-veneno-negro\/#primaryimage\"},\"image\":{\"@id\":\"https:\/\/lucianemonteiro.com\/index.php\/o-veneno-negro\/#primaryimage\"},\"thumbnailUrl\":\"https:\/\/lucianemonteiro.com\/wp-content\/uploads\/2022\/04\/1645823119-2-300x277.png\",\"datePublished\":\"2022-04-13T04:50:33+00:00\",\"dateModified\":\"2022-04-14T15:20:07+00:00\",\"breadcrumb\":{\"@id\":\"https:\/\/lucianemonteiro.com\/index.php\/o-veneno-negro\/#breadcrumb\"},\"inLanguage\":\"pt-BR\",\"potentialAction\":[{\"@type\":\"ReadAction\",\"target\":[\"https:\/\/lucianemonteiro.com\/index.php\/o-veneno-negro\/\"]}]},{\"@type\":\"ImageObject\",\"inLanguage\":\"pt-BR\",\"@id\":\"https:\/\/lucianemonteiro.com\/index.php\/o-veneno-negro\/#primaryimage\",\"url\":\"https:\/\/lucianemonteiro.com\/wp-content\/uploads\/2022\/04\/1645823119-2.png\",\"contentUrl\":\"https:\/\/lucianemonteiro.com\/wp-content\/uploads\/2022\/04\/1645823119-2.png\",\"width\":1500,\"height\":1383},{\"@type\":\"BreadcrumbList\",\"@id\":\"https:\/\/lucianemonteiro.com\/index.php\/o-veneno-negro\/#breadcrumb\",\"itemListElement\":[{\"@type\":\"ListItem\",\"position\":1,\"name\":\"In\u00edcio\",\"item\":\"https:\/\/lucianemonteiro.com\/\"},{\"@type\":\"ListItem\",\"position\":2,\"name\":\"O veneno negro\"}]},{\"@type\":\"WebSite\",\"@id\":\"https:\/\/lucianemonteiro.com\/#website\",\"url\":\"https:\/\/lucianemonteiro.com\/\",\"name\":\"Luciane Monteiro\",\"description\":\"Escritos\",\"potentialAction\":[{\"@type\":\"SearchAction\",\"target\":{\"@type\":\"EntryPoint\",\"urlTemplate\":\"https:\/\/lucianemonteiro.com\/?s={search_term_string}\"},\"query-input\":{\"@type\":\"PropertyValueSpecification\",\"valueRequired\":true,\"valueName\":\"search_term_string\"}}],\"inLanguage\":\"pt-BR\"}]}<\/script>\n<!-- \/ Yoast SEO plugin. -->","yoast_head_json":{"title":"O veneno negro - Luciane Monteiro","robots":{"index":"index","follow":"follow","max-snippet":"max-snippet:-1","max-image-preview":"max-image-preview:large","max-video-preview":"max-video-preview:-1"},"canonical":"https:\/\/lucianemonteiro.com\/index.php\/o-veneno-negro\/","og_locale":"pt_BR","og_type":"article","og_title":"O veneno negro - Luciane Monteiro","og_description":"O veneno negro \u00e9 meu primeiro livro de literatura infantojuvenil. Por\u00e9m, ele \u00e9 perfeito para jovens e adultos, pois aborda, de maneira l\u00fadica, quest\u00f5es sobre a autoestima que nos afetam em todas as idades. \u00c9, ainda, para o p\u00fablico masculino, pois alguns leitores j\u00e1 reconheceram que tiveram uma Madame Safira em suas vidas. A obra faz parte da Cole\u00e7\u00e3o III Mulherio das Letras, um projeto de livros de bolso publicado pela Editora Venas Abiertas. O projeto foi t\u00e3o marcante que a primeira edi\u00e7\u00e3o foi finalista, em 2020, do pr\u00eamio Jabuti, no eixo \u201cinova\u00e7\u00e3o\u201d. Para quem n\u00e3o conhece, o Mulherio das Letras \u00e9 um coletivo feminista liter\u00e1rio, criado em 2017, com mais de 7 mil mulheres no Brasil e exterior, com foco na express\u00e3o pela palavra escrita e oral. Cole\u00e7\u00e3o III Mulherio das Letras: 33 livros de bolsos, 33 autoras, 33 formas de explorar o universo feminino. Sinopse&nbsp; O veneno negro, obra destinada ao p\u00fablico infantojuvenil, discorre sobre as frustra\u00e7\u00f5es e ang\u00fastias da adolesc\u00eancia. A jovem Luiza, intoxicada por um veneno que potencializa sua baixa autoestima e comportamento arisco, pode sucumbir, ou ouvir a sua voz interior. A voz, enfim, da mulher que toma forma e reivindica seu espa\u00e7o. Nesta narrativa, o destaque \u00e9 para o momento em que percebemos que as bruxas e fadas n\u00e3o s\u00e3o seres imagin\u00e1rios, mas seres que criamos dentro de n\u00f3s quando fechamos, ou n\u00e3o, os olhos para nossa ess\u00eancia para acreditar no que os outros dizem que somos. Solicite o link para compra: lumonteiro1@hotmail.com Resenhas: Entre livros e magias &#8211; llresenhas &#8211; Jheneffys #literaturainfantojuvenil #mulheres #universofeminino #mulheriodasletras #autoestima","og_url":"https:\/\/lucianemonteiro.com\/index.php\/o-veneno-negro\/","og_site_name":"Luciane Monteiro","article_modified_time":"2022-04-14T15:20:07+00:00","og_image":[{"url":"https:\/\/lucianemonteiro.com\/wp-content\/uploads\/2022\/04\/1645823119-2-300x277.png","type":"","width":"","height":""}],"twitter_card":"summary_large_image","twitter_misc":{"Est. tempo de leitura":"3 minutos"},"schema":{"@context":"https:\/\/schema.org","@graph":[{"@type":"WebPage","@id":"https:\/\/lucianemonteiro.com\/index.php\/o-veneno-negro\/","url":"https:\/\/lucianemonteiro.com\/index.php\/o-veneno-negro\/","name":"O veneno negro - Luciane Monteiro","isPartOf":{"@id":"https:\/\/lucianemonteiro.com\/#website"},"primaryImageOfPage":{"@id":"https:\/\/lucianemonteiro.com\/index.php\/o-veneno-negro\/#primaryimage"},"image":{"@id":"https:\/\/lucianemonteiro.com\/index.php\/o-veneno-negro\/#primaryimage"},"thumbnailUrl":"https:\/\/lucianemonteiro.com\/wp-content\/uploads\/2022\/04\/1645823119-2-300x277.png","datePublished":"2022-04-13T04:50:33+00:00","dateModified":"2022-04-14T15:20:07+00:00","breadcrumb":{"@id":"https:\/\/lucianemonteiro.com\/index.php\/o-veneno-negro\/#breadcrumb"},"inLanguage":"pt-BR","potentialAction":[{"@type":"ReadAction","target":["https:\/\/lucianemonteiro.com\/index.php\/o-veneno-negro\/"]}]},{"@type":"ImageObject","inLanguage":"pt-BR","@id":"https:\/\/lucianemonteiro.com\/index.php\/o-veneno-negro\/#primaryimage","url":"https:\/\/lucianemonteiro.com\/wp-content\/uploads\/2022\/04\/1645823119-2.png","contentUrl":"https:\/\/lucianemonteiro.com\/wp-content\/uploads\/2022\/04\/1645823119-2.png","width":1500,"height":1383},{"@type":"BreadcrumbList","@id":"https:\/\/lucianemonteiro.com\/index.php\/o-veneno-negro\/#breadcrumb","itemListElement":[{"@type":"ListItem","position":1,"name":"In\u00edcio","item":"https:\/\/lucianemonteiro.com\/"},{"@type":"ListItem","position":2,"name":"O veneno negro"}]},{"@type":"WebSite","@id":"https:\/\/lucianemonteiro.com\/#website","url":"https:\/\/lucianemonteiro.com\/","name":"Luciane Monteiro","description":"Escritos","potentialAction":[{"@type":"SearchAction","target":{"@type":"EntryPoint","urlTemplate":"https:\/\/lucianemonteiro.com\/?s={search_term_string}"},"query-input":{"@type":"PropertyValueSpecification","valueRequired":true,"valueName":"search_term_string"}}],"inLanguage":"pt-BR"}]}},"acf":[],"_links":{"self":[{"href":"https:\/\/lucianemonteiro.com\/index.php\/wp-json\/wp\/v2\/pages\/1640","targetHints":{"allow":["GET"]}}],"collection":[{"href":"https:\/\/lucianemonteiro.com\/index.php\/wp-json\/wp\/v2\/pages"}],"about":[{"href":"https:\/\/lucianemonteiro.com\/index.php\/wp-json\/wp\/v2\/types\/page"}],"author":[{"embeddable":true,"href":"https:\/\/lucianemonteiro.com\/index.php\/wp-json\/wp\/v2\/users\/1"}],"replies":[{"embeddable":true,"href":"https:\/\/lucianemonteiro.com\/index.php\/wp-json\/wp\/v2\/comments?post=1640"}],"version-history":[{"count":25,"href":"https:\/\/lucianemonteiro.com\/index.php\/wp-json\/wp\/v2\/pages\/1640\/revisions"}],"predecessor-version":[{"id":1718,"href":"https:\/\/lucianemonteiro.com\/index.php\/wp-json\/wp\/v2\/pages\/1640\/revisions\/1718"}],"wp:attachment":[{"href":"https:\/\/lucianemonteiro.com\/index.php\/wp-json\/wp\/v2\/media?parent=1640"}],"curies":[{"name":"wp","href":"https:\/\/api.w.org\/{rel}","templated":true}]}}